{"id":36,"date":"2015-03-03T16:01:13","date_gmt":"2015-03-03T15:01:13","guid":{"rendered":"http:\/\/www.jugendschutz-niedersachsen.de\/elmet\/?page_id=36"},"modified":"2026-04-16T12:28:56","modified_gmt":"2026-04-16T10:28:56","slug":"home","status":"publish","type":"page","link":"https:\/\/www.jugendschutz-niedersachsen.de\/elmet\/","title":{"rendered":"Eltern-Medien-Trainer*innen: Fortbildung"},"content":{"rendered":"<p>[et_pb_section fb_built=&#8220;1&#8243; _builder_version=&#8220;4.27.6&#8243; background_color=&#8220;#FFFFFF&#8220; global_colors_info=&#8220;{}&#8220;][et_pb_row _builder_version=&#8220;4.27.6&#8243; background_color=&#8220;#FFFFFF&#8220; background_size=&#8220;initial&#8220; background_position=&#8220;top_left&#8220; background_repeat=&#8220;repeat&#8220; global_colors_info=&#8220;{}&#8220;][et_pb_column type=&#8220;4_4&#8243; _builder_version=&#8220;4.16&#8243; custom_padding=&#8220;|||&#8220; global_colors_info=&#8220;{}&#8220; custom_padding__hover=&#8220;|||&#8220;][et_pb_image src=&#8220;https:\/\/www.jugendschutz-niedersachsen.de\/elmet\/wp-content\/uploads\/sites\/2\/2026\/04\/Eltern-Medien_Trainer_Logo.png&#8220; alt=&#8220;Eltern-Medien-Trainer*innen | Logo&#8220; title_text=&#8220;Eltern-Medien-Trainer*innen | Logo&#8220; align=&#8220;center&#8220; admin_label=&#8220;Logo&#8220; _builder_version=&#8220;4.27.6&#8243; _module_preset=&#8220;default&#8220; max_width=&#8220;30%&#8220; module_alignment=&#8220;center&#8220; custom_padding=&#8220;40px||||false|false&#8220; global_colors_info=&#8220;{}&#8220;][\/et_pb_image][et_pb_text admin_label=&#8220;Eltern-Medien-Trainer*innen-Fortbildung&#8220; _builder_version=&#8220;4.27.6&#8243; background_size=&#8220;initial&#8220; background_position=&#8220;top_left&#8220; background_repeat=&#8220;repeat&#8220; custom_padding=&#8220;|10%||10%|false|false&#8220; global_colors_info=&#8220;{}&#8220;]<\/p>\n<h1 style=\"text-align: center;\"><strong>Eltern-Medien-Trainer*innen-Fortbildung<\/strong><\/h1>\n<p style=\"text-align: center;\"><strong>Mit der Fortbildung erweitern die p\u00e4dagogischen Fachkr\u00e4fte ihr Wissen \u00fcber die Mediennutzung von Kindern und Jugendlichen.<\/strong><\/p>\n<p style=\"text-align: center;\">In vier Bausteinen geht es um\u00a0Film, Fernsehen und Streaming,\u00a0InternetSocial Media, Smartphones\u00a0und\u00a0digitale Spiele. Dar\u00fcber hinaus werden die zuk\u00fcnftigen Eltern-Medien-Trainer*innen mit Methoden vertraut gemacht, um Eltern gezielt zu schulen und sie beim Umgang mit den verschiedenen Medien im Familienleben zu unterst\u00fctzen.<\/p>\n<p style=\"text-align: center;\">Auf diese Weise k\u00f6nnen sie sich f\u00fcr einen sicheren Umgang mit Fragen der medienp\u00e4dagogischen Elternarbeit qualifizieren. Im Anschluss werden sie in der Lage sein, in Kooperation mit anderen Institutionen attraktive Kurse f\u00fcr Eltern zu Fragen der Medienerziehung von Kindern und Jugendlichen anzubieten.<\/p>\n<h2 style=\"text-align: center;\"><strong>Ablauf der Fortbildung<\/strong><\/h2>\n<p style=\"text-align: center;\"><strong>Die Fortbildung zum*zur Eltern-Medien-Trainer*in erfolgt in vier Bausteinen.<\/strong><br \/>An insgesamt acht Fortbildungstagen (in vier Bl\u00f6cken) werden Informationen zu Medieninhalten, Medienwirkungen und Jugendschutz vermittelt. Im Zentrum stehen Referate namhafter Expertinnen und Experten aus Medientheorie und Medienpraxis. Medieninhalte werden gesichtet, digitale Spiele \u00a0ausprobiert und methodische Ans\u00e4tze zur Durchf\u00fchrung von Elternkursen vorgestellt.<\/p>\n<p style=\"text-align: center;\">Durch j\u00e4hrlich stattfindende regionale Treffen aller Eltern-Medien-Trainer*innen wird eine landesweite Vernetzung gepflegt sowie das Wissensspektrum um aktuelle medienp\u00e4dagogische Themen erg\u00e4nzt.<\/p>\n<p style=\"text-align: center;\"><strong>Die n\u00e4chste Fortbildung zum*zur Eltern-Medien-Trainer*in startet im Herbst 2026. Sollten Sie daran Interesse haben, schicken Sie bitte eine Mail an <a href=\"mailto:Eva.Hanel@jugendschutz-niedersachsen.de\">Eva.Hanel@jugendschutz-niedersachsen.de<\/a><\/strong><\/p>\n<p style=\"text-align: center;\"><em>Die Einladung zur 11. Eltern-Medien-Trainer*innen-Fortbildung wird in K\u00fcrze hier ver\u00f6ffentlicht.<\/em><\/p>\n<p>[\/et_pb_text][et_pb_text admin_label=&#8220;Netzwerk Jugendschutz&#8220; _builder_version=&#8220;4.27.6&#8243; background_size=&#8220;initial&#8220; background_position=&#8220;top_left&#8220; background_repeat=&#8220;repeat&#8220; custom_padding=&#8220;4%|10%|2%|10%|false|false&#8220; global_colors_info=&#8220;{}&#8220;]<\/p>\n<h2 style=\"text-align: center;\"><strong>Elternabend mit Expert*innen planen<\/strong><\/h2>\n<p style=\"text-align: center;\"><strong><a href=\"https:\/\/www.netzwerk-jugendschutz.de\/\" target=\"_blank\" rel=\"noopener noreferrer\">Treten Sie mit den Eltern-Medien-Trainer*innen in Kontakt und planen Sie gemeinsam eine medienp\u00e4dagogische Elternveranstaltung.<\/a> <\/strong><\/p>\n<p style=\"text-align: center;\">Sollte in ihrem Landkreis niemand verf\u00fcgbar sein, suchen Sie bitte in den umliegenden Landkreisen.<\/p>\n<p style=\"text-align: center;\"><a href=\"https:\/\/www.netzwerk-jugendschutz.de\/medien\/referenten-in-niedersachsen-nach-regionen\/\" target=\"_blank\" rel=\"noopener\"><img loading=\"lazy\" decoding=\"async\" class=\"aligncenter wp-image-6332 size-full\" src=\"https:\/\/www.jugendschutz-niedersachsen.de\/elmet\/wp-content\/uploads\/sites\/2\/2026\/04\/elmet_karte_niedersachsen.png\" alt=\"Eltern-Medien-Trainer*innen in Niedersachsen\" width=\"1200\" height=\"1020\" srcset=\"https:\/\/www.jugendschutz-niedersachsen.de\/elmet\/wp-content\/uploads\/sites\/2\/2026\/04\/elmet_karte_niedersachsen.png 1200w, https:\/\/www.jugendschutz-niedersachsen.de\/elmet\/wp-content\/uploads\/sites\/2\/2026\/04\/elmet_karte_niedersachsen-980x833.png 980w, https:\/\/www.jugendschutz-niedersachsen.de\/elmet\/wp-content\/uploads\/sites\/2\/2026\/04\/elmet_karte_niedersachsen-480x408.png 480w\" sizes=\"(min-width: 0px) and (max-width: 480px) 480px, (min-width: 481px) and (max-width: 980px) 980px, (min-width: 981px) 1200px, 100vw\" \/><\/a><\/p>\n<p>&nbsp;<\/p>\n<p>[\/et_pb_text][\/et_pb_column][\/et_pb_row][et_pb_row column_structure=&#8220;1_3,2_3&#8243; _builder_version=&#8220;4.27.6&#8243; _module_preset=&#8220;default&#8220; global_colors_info=&#8220;{}&#8220;][et_pb_column type=&#8220;1_3&#8243; _builder_version=&#8220;4.27.6&#8243; _module_preset=&#8220;default&#8220; global_colors_info=&#8220;{}&#8220;][et_pb_text admin_label=&#8220;Ministerium&#8220; _builder_version=&#8220;4.27.6&#8243; background_size=&#8220;initial&#8220; background_position=&#8220;top_left&#8220; background_repeat=&#8220;repeat&#8220; custom_padding=&#8220;4%|10%|10%|10%|false|false&#8220; hover_enabled=&#8220;0&#8243; global_colors_info=&#8220;{}&#8220; sticky_enabled=&#8220;0&#8243;]<\/p>\n<h6 style=\"text-align: left;\">Gef\u00f6rdert durch<\/h6>\n<p style=\"text-align: center;\"><a href=\"https:\/\/www.ms.niedersachsen.de\/startseite\/\" target=\"_blank\" rel=\"noopener noreferrer\"><img loading=\"lazy\" decoding=\"async\" class=\"wp-image-123 size-full alignleft\" src=\"https:\/\/www.jugendschutz-niedersachsen.de\/elmet\/wp-content\/uploads\/sites\/2\/2015\/03\/nds-min_logo.gif\" alt=\"nds-min_logo\" width=\"160\" height=\"38\" \/><\/a><\/p>\n<p>&nbsp;<\/p>\n<p>[\/et_pb_text][\/et_pb_column][et_pb_column type=&#8220;2_3&#8243; _builder_version=&#8220;4.27.6&#8243; _module_preset=&#8220;default&#8220; global_colors_info=&#8220;{}&#8220;][et_pb_text admin_label=&#8220;Impressum&#8220; _builder_version=&#8220;4.27.6&#8243; _module_preset=&#8220;default&#8220; hover_enabled=&#8220;0&#8243; global_colors_info=&#8220;{}&#8220; sticky_enabled=&#8220;0&#8243;]<\/p>\n<p style=\"text-align: right;\"><a href=\"https:\/\/www.jugendschutz-niedersachsen.de\/impressum\/\" target=\"_blank\" rel=\"noopener\">Impressum<\/a> | <a href=\"https:\/\/www.jugendschutz-niedersachsen.de\/datenschutz\/\">Datenschutz<\/a><\/p>\n<p>[\/et_pb_text][\/et_pb_column][\/et_pb_row][\/et_pb_section]<\/p>\n","protected":false},"excerpt":{"rendered":"<p>Mit der Fortbildung der Landesstelle Jugendschutz e.V.erweitern die p\u00e4dagogischen Fachkr\u00e4fte ihr Wissen \u00fcber die Mediennutzung von Kindern und Jugendlichen.<\/p>\n","protected":false},"author":1,"featured_media":6333,"parent":0,"menu_order":1,"comment_status":"closed","ping_status":"closed","template":"page-template-blank.php","meta":{"_et_pb_use_builder":"on","_et_pb_old_content":"<p><strong>Eltern-Medien-Trainer*innen Fortbildung<\/strong><\/p><p>Mit der Fortbildung erweitern die p\u00e4dagogischen Fachkr\u00e4fte ihr Wissen \u00fcber die Mediennutzung von Kindern und Jugendlichen. In vier Bausteinen geht es um\u00a0Film, Fernsehen und Streaming,\u00a0<a href=\"https:\/\/www.jugendschutz-niedersachsen.de\/elmet\/internetsmartphone\/\">InternetSocial Media, Smartphones\u00a0<\/a>und\u00a0<a href=\"https:\/\/www.jugendschutz-niedersachsen.de\/elmet\/computerspiele\/\">digitale<\/a> Spiele. Dar\u00fcber hinaus werden die zuk\u00fcnftigen Eltern-Medien-Trainer*innen mit Methoden vertraut gemacht, um Eltern gezielt zu schulen und sie beim Umgang mit den verschiedenen Medien im Familienleben zu unterst\u00fctzen.<\/p><p>Auf diese Weise k\u00f6nnen sie sich f\u00fcr einen sicheren Umgang mit Fragen der medienp\u00e4dagogischen Elternarbeit qualifizieren. Im Anschluss werden sie in der Lage sein, in Kooperation mit anderen Institutionen attraktive Kurse f\u00fcr Eltern zu Fragen der Medienerziehung von Kindern und Jugendlichen anzubieten.<\/p><p><strong>Ablauf der Fortbildung<\/strong><\/p><p>Die Fortbildung zum*zur Eltern-Medien-Trainer*in erfolgt in vier Bausteinen.<br \/>An insgesamt acht Fortbildungstagen (in vier Bl\u00f6cken) werden Informationen zu Medieninhalten, Medienwirkungen und Jugendschutz vermittelt. Im Zentrum stehen Referate namhafter Expertinnen und Experten aus Medientheorie und Medienpraxis. Medieninhalte werden gesichtet, digitale Spiele \u00a0ausprobiert und methodische Ans\u00e4tze zur Durchf\u00fchrung von Elternkursen vorgestellt.<\/p><p>Durch j\u00e4hrlich stattfindende regionale Treffen aller Eltern-Medien-Trainer*innen wird eine landesweite Vernetzung gepflegt sowie das Wissensspektrum um aktuelle medienp\u00e4dagogische Themen erg\u00e4nzt.<\/p><p>Die n\u00e4chste Fortbildung zum*zur Eltern-Medien-Trainer*in startet im Herbst 2026. Sollten Sie daran Interesse haben, schicken Sie bitte eine Mail an <a href=\"mailto:Eva.Hanel@jugendschutz-niedersachsen.de\">Eva.Hanel@jugendschutz-niedersachsen.de<\/a><\/p><p>Die Einladung zur 11. Eltern-Medien-Trainer*innen-Fortbildung wird in K\u00fcrze hier ver\u00f6ffentlicht.<\/p><hr \/><p style=\"text-align: center;\"><strong><a href=\"https:\/\/www.netzwerk-jugendschutz.de\/\" target=\"_blank\" rel=\"noopener noreferrer\">Treten Sie mit den Eltern-Medien-Trainer*innen n in Kontakt und planen Sie gemeinsam eine medienp\u00e4dagogische Elternveranstaltung.<\/a> <\/strong><\/p><p style=\"text-align: center;\">Sollte in ihrem Landkreis niemand verf\u00fcgbar sein, suchen Sie bitte in den umliegenden Landkreisen.<\/p><p style=\"text-align: center;\"><a href=\"https:\/\/www.netzwerk-jugendschutz.de\/referenten-in-niedersachsen-nach-regionen\/\" target=\"_blank\" rel=\"noopener noreferrer\"><img class=\"karte aligncenter wp-image-6013\" title=\"https:\/\/netzwerk-jugendschutz.de\/\" src=\"https:\/\/www.jugendschutz-niedersachsen.de\/elmet\/wp-content\/uploads\/sites\/2\/2015\/03\/netzwerk_jugendschutz_karte_pur.jpg\" width=\"500\" height=\"420\" \/><\/a><\/p><h6>\u00a0<\/h6><h6>\u00a0<\/h6><h6>Gef\u00f6rdert durch<\/h6><p><a href=\"https:\/\/www.ms.niedersachsen.de\/startseite\/\" target=\"_blank\" rel=\"noopener noreferrer\"><img class=\"alignleft wp-image-123 size-full\" src=\"https:\/\/www.jugendschutz-niedersachsen.de\/elmet\/wp-content\/uploads\/sites\/2\/2015\/03\/nds-min_logo.gif\" alt=\"nds-min_logo\" width=\"160\" height=\"38\" \/><\/a><\/p><p><a href=\"https:\/\/www.jugendschutz-niedersachsen.de\/\" target=\"_blank\" rel=\"noopener noreferrer\"><img class=\"alignright wp-image-485 size-full\" src=\"https:\/\/www.jugendschutz-niedersachsen.de\/elmet\/wp-content\/uploads\/sites\/2\/2015\/03\/ljs-logo.jpg\" alt=\"\" width=\"150\" height=\"54\" \/><\/a><\/p><p>\u00a0<\/p>","_et_gb_content_width":"","footnotes":""},"class_list":["post-36","page","type-page","status-publish","has-post-thumbnail","hentry"],"_links":{"self":[{"href":"https:\/\/www.jugendschutz-niedersachsen.de\/elmet\/wp-json\/wp\/v2\/pages\/36","targetHints":{"allow":["GET"]}}],"collection":[{"href":"https:\/\/www.jugendschutz-niedersachsen.de\/elmet\/wp-json\/wp\/v2\/pages"}],"about":[{"href":"https:\/\/www.jugendschutz-niedersachsen.de\/elmet\/wp-json\/wp\/v2\/types\/page"}],"author":[{"embeddable":true,"href":"https:\/\/www.jugendschutz-niedersachsen.de\/elmet\/wp-json\/wp\/v2\/users\/1"}],"replies":[{"embeddable":true,"href":"https:\/\/www.jugendschutz-niedersachsen.de\/elmet\/wp-json\/wp\/v2\/comments?post=36"}],"version-history":[{"count":90,"href":"https:\/\/www.jugendschutz-niedersachsen.de\/elmet\/wp-json\/wp\/v2\/pages\/36\/revisions"}],"predecessor-version":[{"id":6360,"href":"https:\/\/www.jugendschutz-niedersachsen.de\/elmet\/wp-json\/wp\/v2\/pages\/36\/revisions\/6360"}],"wp:featuredmedia":[{"embeddable":true,"href":"https:\/\/www.jugendschutz-niedersachsen.de\/elmet\/wp-json\/wp\/v2\/media\/6333"}],"wp:attachment":[{"href":"https:\/\/www.jugendschutz-niedersachsen.de\/elmet\/wp-json\/wp\/v2\/media?parent=36"}],"curies":[{"name":"wp","href":"https:\/\/api.w.org\/{rel}","templated":true}]}}